{"id":117,"date":"2020-03-16T11:50:27","date_gmt":"2020-03-16T11:50:27","guid":{"rendered":"https:\/\/demosites.io\/themotion-gb\/?page_id=117"},"modified":"2022-01-20T11:52:55","modified_gmt":"2022-01-20T10:52:55","slug":"73abf-home","status":"publish","type":"page","link":"https:\/\/blog.emploitic.com\/index.php\/73abf-home\/","title":{"rendered":"Home"},"content":{"rendered":"\n<div class=\"wp-block-themeisle-blocks-advanced-columns alignfull has-2-columns has-desktop-twoOne-layout has-tablet-equal-layout has-mobile-collapsedRows-layout has-default-gap has-vertical-unset\" id=\"wp-block-themeisle-blocks-advanced-columns-a408ab68\"><div class=\"wp-block-themeisle-blocks-advanced-columns-overlay\"><\/div><div class=\"innerblocks-wrap\">\n<div class=\"wp-block-themeisle-blocks-advanced-column\" id=\"wp-block-themeisle-blocks-advanced-column-799c6d44\">\n<div class=\"wp-block-columns is-layout-flex wp-container-core-columns-is-layout-9d6595d7 wp-block-columns-is-layout-flex\">\n<div class=\"wp-block-column is-layout-flow wp-block-column-is-layout-flow\" style=\"flex-basis:100%\">\n<div class=\"wp-block-columns is-layout-flex wp-container-core-columns-is-layout-9d6595d7 wp-block-columns-is-layout-flex\">\n<div class=\"wp-block-column is-layout-flow wp-block-column-is-layout-flow\" style=\"flex-basis:100%\">\n<div class=\"wp-block-group\"><div class=\"wp-block-group__inner-container is-layout-flow wp-block-group-is-layout-flow\">\n<div class=\"wp-block-columns is-layout-flex wp-container-core-columns-is-layout-9d6595d7 wp-block-columns-is-layout-flex\">\n<div class=\"wp-block-column is-layout-flow wp-block-column-is-layout-flow\" style=\"flex-basis:100%\">\n<figure class=\"wp-block-embed is-type-video is-provider-youtube wp-block-embed-youtube wp-embed-aspect-16-9 wp-has-aspect-ratio\"><div class=\"wp-block-embed__wrapper\">\n<iframe title=\"Application Mobile Emploitic : Trouvez un emploi ou que vous soyez\" width=\"640\" height=\"360\" src=\"https:\/\/www.youtube.com\/embed\/L2jmU6J-2KE?feature=oembed\" frameborder=\"0\" allow=\"accelerometer; autoplay; clipboard-write; encrypted-media; gyroscope; picture-in-picture; web-share\" referrerpolicy=\"strict-origin-when-cross-origin\" allowfullscreen><\/iframe>\n<\/div><\/figure>\n\n\n\n<p class=\"has-text-align-center\" style=\"font-size:18px\"><p style=\"font-size:18px\"><meta charset=\"utf-8\"><strong>Application Mobile Emploitic : Trouvez un emploi ou que vous soyez<\/strong><\/p><\/p>\n<\/div>\n<\/div>\n<\/div><\/div>\n<\/div>\n<\/div>\n<\/div>\n<\/div>\n<\/div>\n\n\n\n<div class=\"wp-block-themeisle-blocks-advanced-column\" id=\"wp-block-themeisle-blocks-advanced-column-2d1539a6\">\n<h4 id=\"wp-block-themeisle-blocks-advanced-heading-c66e536b\" class=\"wp-block-themeisle-blocks-advanced-heading wp-block-themeisle-blocks-advanced-heading-c66e536b\">articles a la une<\/h4>\n\n\n\n<div class=\"wp-block-group\"><div class=\"wp-block-group__inner-container is-layout-flow wp-block-group-is-layout-flow\"><div class=\"featured_posts wp-block-themeisle-blocks-posts-grid\" id=\"\"><div class=\"is-list\"><div class=\"o-posts-grid-post-blog o-posts-grid-post-plain\"><div class=\"o-posts-grid-post\"><div class=\"o-posts-grid-post-image\"><a href=\"https:\/\/blog.emploitic.com\/index.php\/le-cout-cache-dun-mauvais-recrutement\/\"><img fetchpriority=\"high\" decoding=\"async\" width=\"640\" height=\"358\" src=\"https:\/\/blog.emploitic.com\/wp-content\/uploads\/2026\/04\/couverture-combien-coute-un-mauvais-recrutement-6-768x429.png\" class=\"attachment-medium_large size-medium_large\" alt=\"un employeur dans un bureau\" srcset=\"https:\/\/blog.emploitic.com\/wp-content\/uploads\/2026\/04\/couverture-combien-coute-un-mauvais-recrutement-6-768x429.png 768w, https:\/\/blog.emploitic.com\/wp-content\/uploads\/2026\/04\/couverture-combien-coute-un-mauvais-recrutement-6-300x168.png 300w, https:\/\/blog.emploitic.com\/wp-content\/uploads\/2026\/04\/couverture-combien-coute-un-mauvais-recrutement-6-1024x572.png 1024w, https:\/\/blog.emploitic.com\/wp-content\/uploads\/2026\/04\/couverture-combien-coute-un-mauvais-recrutement-6-1536x858.png 1536w, https:\/\/blog.emploitic.com\/wp-content\/uploads\/2026\/04\/couverture-combien-coute-un-mauvais-recrutement-6-2048x1144.png 2048w\" sizes=\"(max-width: 640px) 100vw, 640px\" \/><\/a><\/div><div class=\"o-posts-grid-post-body\"><h5 class=\"o-posts-grid-post-title\"><a href=\"https:\/\/blog.emploitic.com\/index.php\/le-cout-cache-dun-mauvais-recrutement\/\">Le co\u00fbt cach\u00e9 d&#8217;un mauvais Recrutement<\/a><\/h5><\/div><\/div><\/div><div class=\"o-posts-grid-post-blog o-posts-grid-post-plain\"><div class=\"o-posts-grid-post\"><div class=\"o-posts-grid-post-image\"><a href=\"https:\/\/blog.emploitic.com\/index.php\/collaborateur-en-sous-performance-que-faire-en-tant-que-manager\/\"><img decoding=\"async\" width=\"640\" height=\"360\" src=\"https:\/\/blog.emploitic.com\/wp-content\/uploads\/2026\/04\/photo-1758598497429-6eb3895d5bfa-1-1-768x432.png\" class=\"attachment-medium_large size-medium_large\" alt=\"employ\u00e9 d\u00e9motiv\u00e9\" srcset=\"https:\/\/blog.emploitic.com\/wp-content\/uploads\/2026\/04\/photo-1758598497429-6eb3895d5bfa-1-1-768x432.png 768w, https:\/\/blog.emploitic.com\/wp-content\/uploads\/2026\/04\/photo-1758598497429-6eb3895d5bfa-1-1-300x169.png 300w, https:\/\/blog.emploitic.com\/wp-content\/uploads\/2026\/04\/photo-1758598497429-6eb3895d5bfa-1-1-1024x576.png 1024w, https:\/\/blog.emploitic.com\/wp-content\/uploads\/2026\/04\/photo-1758598497429-6eb3895d5bfa-1-1.png 1332w\" sizes=\"(max-width: 640px) 100vw, 640px\" \/><\/a><\/div><div class=\"o-posts-grid-post-body\"><h5 class=\"o-posts-grid-post-title\"><a href=\"https:\/\/blog.emploitic.com\/index.php\/collaborateur-en-sous-performance-que-faire-en-tant-que-manager\/\">Collaborateur en sous-performance : que faire en tant que manager ?<\/a><\/h5><\/div><\/div><\/div><div class=\"o-posts-grid-post-blog o-posts-grid-post-plain\"><div class=\"o-posts-grid-post\"><div class=\"o-posts-grid-post-image\"><a href=\"https:\/\/blog.emploitic.com\/index.php\/14-eme-edition-demploitic-connect-2222\/\"><img decoding=\"async\" width=\"640\" height=\"427\" src=\"https:\/\/blog.emploitic.com\/wp-content\/uploads\/2026\/02\/408C2481-768x512.jpg\" class=\"attachment-medium_large size-medium_large\" alt=\"salon de l&#039;emploi\" srcset=\"https:\/\/blog.emploitic.com\/wp-content\/uploads\/2026\/02\/408C2481-768x512.jpg 768w, https:\/\/blog.emploitic.com\/wp-content\/uploads\/2026\/02\/408C2481-300x200.jpg 300w, https:\/\/blog.emploitic.com\/wp-content\/uploads\/2026\/02\/408C2481-1024x683.jpg 1024w, https:\/\/blog.emploitic.com\/wp-content\/uploads\/2026\/02\/408C2481-1536x1024.jpg 1536w, https:\/\/blog.emploitic.com\/wp-content\/uploads\/2026\/02\/408C2481-390x260.jpg 390w, https:\/\/blog.emploitic.com\/wp-content\/uploads\/2026\/02\/408C2481-285x190.jpg 285w, https:\/\/blog.emploitic.com\/wp-content\/uploads\/2026\/02\/408C2481.jpg 2048w\" sizes=\"(max-width: 640px) 100vw, 640px\" \/><\/a><\/div><div class=\"o-posts-grid-post-body\"><h5 class=\"o-posts-grid-post-title\"><a href=\"https:\/\/blog.emploitic.com\/index.php\/14-eme-edition-demploitic-connect-2222\/\">La 14 \u00e8me \u00e9dition d&#8217;Emploitic Connect<\/a><\/h5><\/div><\/div><\/div><\/div> <\/div><\/div><\/div>\n<\/div>\n<\/div><\/div>\n\n\n\n<div class=\"wp-block-themeisle-blocks-advanced-columns has-1-columns has-desktop-equal-layout has-tablet-equal-layout has-mobile-equal-layout has-default-gap has-vertical-unset\" id=\"wp-block-themeisle-blocks-advanced-columns-1a14661b\"><div class=\"wp-block-themeisle-blocks-advanced-columns-overlay\"><\/div><div class=\"innerblocks-wrap\">\n<div class=\"wp-block-themeisle-blocks-advanced-column\" id=\"wp-block-themeisle-blocks-advanced-column-88227934\">\n<h2 class=\"wp-block-heading\"> derniers articles <\/h2>\n<\/div>\n<\/div><\/div>\n\n\n\n<div class=\"wp-block-themeisle-blocks-advanced-columns has-1-columns has-desktop-equal-layout has-tablet-equal-layout has-mobile-equal-layout has-default-gap has-vertical-unset\" id=\"wp-block-themeisle-blocks-advanced-columns-973afbc0\"><div class=\"wp-block-themeisle-blocks-advanced-columns-overlay\"><\/div><div class=\"innerblocks-wrap\">\n<div class=\"wp-block-themeisle-blocks-advanced-column\" id=\"wp-block-themeisle-blocks-advanced-column-ac2b8453\"><div class=\"wp-block-themeisle-blocks-posts-grid\" id=\"\"><div class=\"is-grid o-posts-grid-columns-3\"><div class=\"o-posts-grid-post-blog o-posts-grid-post-plain\"><div class=\"o-posts-grid-post\"><div class=\"o-posts-grid-post-image\"><a href=\"https:\/\/blog.emploitic.com\/index.php\/le-cout-cache-dun-mauvais-recrutement\/\"><img loading=\"lazy\" decoding=\"async\" width=\"2560\" height=\"1430\" src=\"https:\/\/blog.emploitic.com\/wp-content\/uploads\/2026\/04\/couverture-combien-coute-un-mauvais-recrutement-6-scaled.png\" class=\"attachment-full size-full\" alt=\"un employeur dans un bureau\" srcset=\"https:\/\/blog.emploitic.com\/wp-content\/uploads\/2026\/04\/couverture-combien-coute-un-mauvais-recrutement-6-scaled.png 2560w, https:\/\/blog.emploitic.com\/wp-content\/uploads\/2026\/04\/couverture-combien-coute-un-mauvais-recrutement-6-300x168.png 300w, https:\/\/blog.emploitic.com\/wp-content\/uploads\/2026\/04\/couverture-combien-coute-un-mauvais-recrutement-6-1024x572.png 1024w, https:\/\/blog.emploitic.com\/wp-content\/uploads\/2026\/04\/couverture-combien-coute-un-mauvais-recrutement-6-768x429.png 768w, https:\/\/blog.emploitic.com\/wp-content\/uploads\/2026\/04\/couverture-combien-coute-un-mauvais-recrutement-6-1536x858.png 1536w, https:\/\/blog.emploitic.com\/wp-content\/uploads\/2026\/04\/couverture-combien-coute-un-mauvais-recrutement-6-2048x1144.png 2048w\" sizes=\"(max-width: 2560px) 100vw, 2560px\" \/><\/a><\/div><div class=\"o-posts-grid-post-body\"><h5 class=\"o-posts-grid-post-title\"><a href=\"https:\/\/blog.emploitic.com\/index.php\/le-cout-cache-dun-mauvais-recrutement\/\">Le co\u00fbt cach\u00e9 d&#8217;un mauvais Recrutement<\/a><\/h5><span class=\"o-posts-grid-post-category\"><a href=\"https:\/\/blog.emploitic.com\/index.php\/category\/management-rh\/\">Management RH<\/a><\/span><div class=\"o-posts-grid-post-description\"><p>Introduction : L&#8217;Erreur \u00e0 1,8 Million de Dinars Imaginez recruter un nouveau collaborateur, in\u2026<\/p><\/div><\/div><\/div><\/div><div class=\"o-posts-grid-post-blog o-posts-grid-post-plain\"><div class=\"o-posts-grid-post\"><div class=\"o-posts-grid-post-image\"><a href=\"https:\/\/blog.emploitic.com\/index.php\/collaborateur-en-sous-performance-que-faire-en-tant-que-manager\/\"><img loading=\"lazy\" decoding=\"async\" width=\"1332\" height=\"749\" src=\"https:\/\/blog.emploitic.com\/wp-content\/uploads\/2026\/04\/photo-1758598497429-6eb3895d5bfa-1-1.png\" class=\"attachment-full size-full\" alt=\"employ\u00e9 d\u00e9motiv\u00e9\" srcset=\"https:\/\/blog.emploitic.com\/wp-content\/uploads\/2026\/04\/photo-1758598497429-6eb3895d5bfa-1-1.png 1332w, https:\/\/blog.emploitic.com\/wp-content\/uploads\/2026\/04\/photo-1758598497429-6eb3895d5bfa-1-1-300x169.png 300w, https:\/\/blog.emploitic.com\/wp-content\/uploads\/2026\/04\/photo-1758598497429-6eb3895d5bfa-1-1-1024x576.png 1024w, https:\/\/blog.emploitic.com\/wp-content\/uploads\/2026\/04\/photo-1758598497429-6eb3895d5bfa-1-1-768x432.png 768w\" sizes=\"(max-width: 1332px) 100vw, 1332px\" \/><\/a><\/div><div class=\"o-posts-grid-post-body\"><h5 class=\"o-posts-grid-post-title\"><a href=\"https:\/\/blog.emploitic.com\/index.php\/collaborateur-en-sous-performance-que-faire-en-tant-que-manager\/\">Collaborateur en sous-performance : que faire en tant que manager ?<\/a><\/h5><span class=\"o-posts-grid-post-category\"><a href=\"https:\/\/blog.emploitic.com\/index.php\/category\/gerer-sa-carriere\/\">Carri\u00e8re<\/a><\/span><div class=\"o-posts-grid-post-description\"><p>Un collaborateur qui d\u00e9croche, des r\u00e9sultats en baisse, une dynamique d&#8217;\u00e9quipe fragilis\u00e9e. La \u2026<\/p><\/div><\/div><\/div><\/div><div class=\"o-posts-grid-post-blog o-posts-grid-post-plain\"><div class=\"o-posts-grid-post\"><div class=\"o-posts-grid-post-image\"><a href=\"https:\/\/blog.emploitic.com\/index.php\/14-eme-edition-demploitic-connect-2222\/\"><img loading=\"lazy\" decoding=\"async\" width=\"2048\" height=\"1365\" src=\"https:\/\/blog.emploitic.com\/wp-content\/uploads\/2026\/02\/408C2481.jpg\" class=\"attachment-full size-full\" alt=\"salon de l&#039;emploi\" srcset=\"https:\/\/blog.emploitic.com\/wp-content\/uploads\/2026\/02\/408C2481.jpg 2048w, https:\/\/blog.emploitic.com\/wp-content\/uploads\/2026\/02\/408C2481-300x200.jpg 300w, https:\/\/blog.emploitic.com\/wp-content\/uploads\/2026\/02\/408C2481-1024x683.jpg 1024w, https:\/\/blog.emploitic.com\/wp-content\/uploads\/2026\/02\/408C2481-768x512.jpg 768w, https:\/\/blog.emploitic.com\/wp-content\/uploads\/2026\/02\/408C2481-1536x1024.jpg 1536w, https:\/\/blog.emploitic.com\/wp-content\/uploads\/2026\/02\/408C2481-390x260.jpg 390w, https:\/\/blog.emploitic.com\/wp-content\/uploads\/2026\/02\/408C2481-285x190.jpg 285w\" sizes=\"(max-width: 2048px) 100vw, 2048px\" \/><\/a><\/div><div class=\"o-posts-grid-post-body\"><h5 class=\"o-posts-grid-post-title\"><a href=\"https:\/\/blog.emploitic.com\/index.php\/14-eme-edition-demploitic-connect-2222\/\">La 14 \u00e8me \u00e9dition d&#8217;Emploitic Connect<\/a><\/h5><span class=\"o-posts-grid-post-category\"><a href=\"https:\/\/blog.emploitic.com\/index.php\/category\/actualite-news\/\">Actualit\u00e9<\/a><\/span><div class=\"o-posts-grid-post-description\"><p>Un \u00e9v\u00e9nement phare pour le march\u00e9 de l\u2019emploi alg\u00e9rien La 14\u1d49 \u00e9dition du salon de l\u2019emploi et de la \u2026<\/p><\/div><\/div><\/div><\/div><div class=\"o-posts-grid-post-blog o-posts-grid-post-plain\"><div class=\"o-posts-grid-post\"><div class=\"o-posts-grid-post-image\"><a href=\"https:\/\/blog.emploitic.com\/index.php\/les-ateliers-demploitic-connect-2026\/\"><img loading=\"lazy\" decoding=\"async\" width=\"2560\" height=\"1707\" src=\"https:\/\/blog.emploitic.com\/wp-content\/uploads\/2026\/02\/408C2960-1-scaled.jpg\" class=\"attachment-full size-full\" alt=\"Marketing digital\" srcset=\"https:\/\/blog.emploitic.com\/wp-content\/uploads\/2026\/02\/408C2960-1-scaled.jpg 2560w, https:\/\/blog.emploitic.com\/wp-content\/uploads\/2026\/02\/408C2960-1-300x200.jpg 300w, https:\/\/blog.emploitic.com\/wp-content\/uploads\/2026\/02\/408C2960-1-1024x683.jpg 1024w, https:\/\/blog.emploitic.com\/wp-content\/uploads\/2026\/02\/408C2960-1-768x512.jpg 768w, https:\/\/blog.emploitic.com\/wp-content\/uploads\/2026\/02\/408C2960-1-1536x1024.jpg 1536w, https:\/\/blog.emploitic.com\/wp-content\/uploads\/2026\/02\/408C2960-1-2048x1365.jpg 2048w, https:\/\/blog.emploitic.com\/wp-content\/uploads\/2026\/02\/408C2960-1-390x260.jpg 390w, https:\/\/blog.emploitic.com\/wp-content\/uploads\/2026\/02\/408C2960-1-285x190.jpg 285w\" sizes=\"(max-width: 2560px) 100vw, 2560px\" \/><\/a><\/div><div class=\"o-posts-grid-post-body\"><h5 class=\"o-posts-grid-post-title\"><a href=\"https:\/\/blog.emploitic.com\/index.php\/les-ateliers-demploitic-connect-2026\/\">Les Ateliers d&#8217;Emploitic Connect 2026<\/a><\/h5><span class=\"o-posts-grid-post-category\"><a href=\"https:\/\/blog.emploitic.com\/index.php\/category\/non-classe\/\">Non class\u00e9<\/a><\/span><div class=\"o-posts-grid-post-description\"><p>D\u00e9couvrez les ateliers Emploitic Connect 2026 \u00e0 la SAFEX \u2013 Pavillon U : deux jours de workshops sur \u2026<\/p><\/div><\/div><\/div><\/div><div class=\"o-posts-grid-post-blog o-posts-grid-post-plain\"><div class=\"o-posts-grid-post\"><div class=\"o-posts-grid-post-image\"><a href=\"https:\/\/blog.emploitic.com\/index.php\/projections-sectorielles-2026\/\"><img loading=\"lazy\" decoding=\"async\" width=\"750\" height=\"500\" src=\"https:\/\/blog.emploitic.com\/wp-content\/uploads\/2025\/12\/Group-141-1.png\" class=\"attachment-full size-full\" alt=\"Graphique montrant les secteurs qui recrutent le plus en Alg\u00e9rie en 2026\" srcset=\"https:\/\/blog.emploitic.com\/wp-content\/uploads\/2025\/12\/Group-141-1.png 750w, https:\/\/blog.emploitic.com\/wp-content\/uploads\/2025\/12\/Group-141-1-300x200.png 300w, https:\/\/blog.emploitic.com\/wp-content\/uploads\/2025\/12\/Group-141-1-390x260.png 390w, https:\/\/blog.emploitic.com\/wp-content\/uploads\/2025\/12\/Group-141-1-285x190.png 285w\" sizes=\"(max-width: 750px) 100vw, 750px\" \/><\/a><\/div><div class=\"o-posts-grid-post-body\"><h5 class=\"o-posts-grid-post-title\"><a href=\"https:\/\/blog.emploitic.com\/index.php\/projections-sectorielles-2026\/\">Projections sectorielles 2026<\/a><\/h5><span class=\"o-posts-grid-post-category\"><a href=\"https:\/\/blog.emploitic.com\/index.php\/category\/actualite-news\/\">Actualit\u00e9<\/a><\/span><div class=\"o-posts-grid-post-description\"><p>\u00c0 l\u2019aube de 2026, le paysage du recrutement en Alg\u00e9rie se redessine sous l\u2019effet des transformations\u2026<\/p><\/div><\/div><\/div><\/div><div class=\"o-posts-grid-post-blog o-posts-grid-post-plain\"><div class=\"o-posts-grid-post\"><div class=\"o-posts-grid-post-image\"><a href=\"https:\/\/blog.emploitic.com\/index.php\/les-tendances-de-recrutement-en-2026\/\"><img loading=\"lazy\" decoding=\"async\" width=\"1000\" height=\"504\" src=\"https:\/\/blog.emploitic.com\/wp-content\/uploads\/2025\/12\/Les-tendances-de-recrutement-2026.png\" class=\"attachment-full size-full\" alt=\"Tendances RH\" srcset=\"https:\/\/blog.emploitic.com\/wp-content\/uploads\/2025\/12\/Les-tendances-de-recrutement-2026.png 1000w, https:\/\/blog.emploitic.com\/wp-content\/uploads\/2025\/12\/Les-tendances-de-recrutement-2026-300x151.png 300w, https:\/\/blog.emploitic.com\/wp-content\/uploads\/2025\/12\/Les-tendances-de-recrutement-2026-768x387.png 768w\" sizes=\"(max-width: 1000px) 100vw, 1000px\" \/><\/a><\/div><div class=\"o-posts-grid-post-body\"><h5 class=\"o-posts-grid-post-title\"><a href=\"https:\/\/blog.emploitic.com\/index.php\/les-tendances-de-recrutement-en-2026\/\">Les tendances de recrutement en 2026<\/a><\/h5><span class=\"o-posts-grid-post-category\"><a href=\"https:\/\/blog.emploitic.com\/index.php\/category\/non-classe\/\">Non class\u00e9<\/a><\/span><div class=\"o-posts-grid-post-description\"><p>Selon le World Economic Forum (WEF), le march\u00e9 du travail conna\u00eetra d\u2019ici 2030 une transformation ma\u2026<\/p><\/div><\/div><\/div><\/div><\/div> <\/div>\n\n\n<div class=\"wp-block-buttons is-content-justification-center is-layout-flex wp-block-buttons-is-layout-flex\">\n<div class=\"wp-block-button\"><a class=\"wp-block-button__link\" href=\"https:\/\/blog.emploitic.com\/index.php\/blog\/\">Plus d&#8217;articles<\/a><\/div>\n<\/div>\n<\/div>\n<\/div><\/div>\n","protected":false},"excerpt":{"rendered":"","protected":false},"author":7,"featured_media":0,"parent":0,"menu_order":0,"comment_status":"closed","ping_status":"closed","template":"page-templates\/template-pagebuilder-full-width.php","meta":{"om_disable_all_campaigns":false,"_monsterinsights_skip_tracking":false,"_monsterinsights_sitenote_active":false,"_monsterinsights_sitenote_note":"","_monsterinsights_sitenote_category":0,"_themeisle_gutenberg_block_has_review":false,"footnotes":""},"class_list":["post-117","page","type-page","status-publish","hentry"],"aioseo_notices":[],"_links":{"self":[{"href":"https:\/\/blog.emploitic.com\/index.php\/wp-json\/wp\/v2\/pages\/117","targetHints":{"allow":["GET"]}}],"collection":[{"href":"https:\/\/blog.emploitic.com\/index.php\/wp-json\/wp\/v2\/pages"}],"about":[{"href":"https:\/\/blog.emploitic.com\/index.php\/wp-json\/wp\/v2\/types\/page"}],"author":[{"embeddable":true,"href":"https:\/\/blog.emploitic.com\/index.php\/wp-json\/wp\/v2\/users\/7"}],"replies":[{"embeddable":true,"href":"https:\/\/blog.emploitic.com\/index.php\/wp-json\/wp\/v2\/comments?post=117"}],"version-history":[{"count":0,"href":"https:\/\/blog.emploitic.com\/index.php\/wp-json\/wp\/v2\/pages\/117\/revisions"}],"wp:attachment":[{"href":"https:\/\/blog.emploitic.com\/index.php\/wp-json\/wp\/v2\/media?parent=117"}],"curies":[{"name":"wp","href":"https:\/\/api.w.org\/{rel}","templated":true}]}}